{"id":35,"date":"2017-08-17T00:14:25","date_gmt":"2017-08-16T22:14:25","guid":{"rendered":"https:\/\/golosze.szkola.pl\/?page_id=35"},"modified":"2018-06-22T08:57:22","modified_gmt":"2018-06-22T06:57:22","slug":"podziekowania","status":"publish","type":"page","link":"https:\/\/golosze.szkola.pl\/index.php\/podziekowania\/","title":{"rendered":"Podzi\u0119kowania"},"content":{"rendered":"<h2 style=\"text-align: center;\"><span style=\"color: #ff0000;\"><strong>DYREKTOR PUBLICZNEJ SZKO\u0141Y PODSTAWOWEJ W GO\u0141OSZACH SK\u0141ADA SERDECZNE PODZI\u0118KOWANIA\u00a0RODZICOM I PRZYJACIO\u0141OM SZKO\u0141Y\u00a0ZA \u017bYCZLIWO\u015a\u0106 I WK\u0141AD PRACY NA RZECZ SZKO\u0141Y<\/strong><\/span><\/h2>\n<p>&nbsp;<\/p>\n<h1 style=\"text-align: center;\">Rok szkolny 2017-2018<\/h1>\n<ol>\n<li><b>Rodzicom kl. II<\/b><span style=\"font-weight: 400;\"> za przygotowanie s\u0142odkiego pocz\u0119stunku z okazji Zabawy Choinkowej.<\/span><\/li>\n<li><span style=\"font-weight: 400;\">Zaanga\u017cowanym <\/span><b>Rodzicom<\/b><span style=\"font-weight: 400;\"> za przygotowanie pocz\u0119stunku z okazji Zabawy Choinkowej.<\/span><\/li>\n<li><b>Mateuszowi Kowalczykowi<\/b><span style=\"font-weight: 400;\"> za przywiezienie napoj\u00f3w sponsorowanych przez w\u00f3jta gminy B\u0142\u0119d\u00f3w.<\/span><\/li>\n<li><span style=\"font-weight: 400;\">Panu <\/span><b>Markowi Chusteckiemu<\/b><span style=\"font-weight: 400;\"> za odwiezienie starych komputer\u00f3w do B\u0142\u0119dowa.<\/span><\/li>\n<li><span style=\"font-weight: 400;\">Pani <\/span><b>Marlenie Biedrzyckiej i <\/b>Pani<b> Beacie Kacprzak<\/b><span style=\"font-weight: 400;\"> za przygotowanie pocz\u0119stunku na konkurs z j\u0119zyka angielskiego.<\/span><\/li>\n<li><span style=\"font-weight: 400;\">Pani <\/span><b>Maricie D\u0142ugowskiej<\/b><span style=\"font-weight: 400;\"> i <\/span><b>Annie D\u0142ugowskiej<\/b><span style=\"font-weight: 400;\"> za pomoc w pozyskaniu s\u0142odyczy z Ferrero.<\/span><\/li>\n<li><span style=\"font-weight: 400;\">Firmie <\/span><b>Ferrero<\/b><span style=\"font-weight: 400;\"> za nieodp\u0142atne przekazanie s\u0142odyczy.<\/span><\/li>\n<li><span style=\"font-weight: 400;\">Panu <\/span><b>W\u0142odzimierzowi Malczewskiego<\/b><span style=\"font-weight: 400;\"> za postawienie masztu oraz prace wykonane pod maszt.<\/span><\/li>\n<li><span style=\"font-weight: 400;\">Pa\u0144stwu <\/span><b>Monice i Sebastianowi G\u00f3rskim<\/b><span style=\"font-weight: 400;\"> za oddelegowanie pan\u00f3w do prac nad terenem , na kt\u00f3rym postawiono maszt oraz za przekazanie maty i kory.<\/span><\/li>\n<li><b>Januszowi \u00a0Kowalczyk <\/b><span style=\"font-weight: 400;\">za obkoszenie terenu szkolnego.<\/span><\/li>\n<li><span style=\"font-weight: 400;\">Pani <\/span><b>Magdalenie Gnatowskiej<\/b><span style=\"font-weight: 400;\"> za skoszenie trawy na terenie szkolnym.<\/span><\/li>\n<li><b>Rodzicom kl.VI<\/b><span style=\"font-weight: 400;\"> za przygotowanie pocz\u0119stunku z okazji podniesienia flagi.<\/span><\/li>\n<li><span style=\"font-weight: 400;\">Panu <\/span><b>Andrzejowi Kacprzakowi<\/b><span style=\"font-weight: 400;\"> za czyszczenie studni.<\/span><\/li>\n<li><span style=\"font-weight: 400;\">Pa\u0144stwu <\/span><b>Annie i Robertowi Fatkowskim<\/b><span style=\"font-weight: 400;\"> za odebranie sceny i jej przechowanie.<\/span><\/li>\n<li><span style=\"font-weight: 400;\">Pani <\/span><b>Gra\u017cynie Jankowskiej<\/b><span style=\"font-weight: 400;\"> za przyszycie rzep\u00f3w do szarf sztandarowych.<\/span><\/li>\n<li><span style=\"font-weight: 400;\">Panu <\/span><b>Andrzejowi Kacprzakowi<\/b><span style=\"font-weight: 400;\"> za skoszenie trawy na terenie szkolnym.<\/span><\/li>\n<li><span style=\"font-weight: 400;\">Panu <\/span><b>Jackowi K\u0119pka<\/b><span style=\"font-weight: 400;\"> za skoszenie trawy na terenie szkolnym.<\/span><\/li>\n<li><span style=\"font-weight: 400;\">Pani <\/span><b>Justynie Kacprzak i Pani Annie Fatkowskiej<\/b><span style=\"font-weight: 400;\"> za upieczenie ciasta na konkurs wiedzy historycznej.<\/span><\/li>\n<li><b>Rodzicom uczni\u00f3w kl.III<\/b><span style=\"font-weight: 400;\"> za przygotowanie pocz\u0119stunku i ogniska z okazji \u015awi\u0119ta rodziny.<\/span><\/li>\n<li><span style=\"font-weight: 400;\">Panu <\/span><b>Wies\u0142awowi K\u0119pka<\/b><span style=\"font-weight: 400;\"> za skoszenie trawy na terenie szkolnym.<\/span><\/li>\n<\/ol>\n","protected":false},"excerpt":{"rendered":"<p>DYREKTOR PUBLICZNEJ SZKO\u0141Y PODSTAWOWEJ W GO\u0141OSZACH SK\u0141ADA SERDECZNE PODZI\u0118KOWANIA\u00a0RODZICOM I PRZYJACIO\u0141OM SZKO\u0141Y\u00a0ZA \u017bYCZLIWO\u015a\u0106 I WK\u0141AD PRACY NA RZECZ SZKO\u0141Y &nbsp; Rok szkolny 2017-2018 Rodzicom kl. II za przygotowanie s\u0142odkiego pocz\u0119stunku z okazji Zabawy Choinkowej. Zaanga\u017cowanym Rodzicom za przygotowanie pocz\u0119stunku z okazji Zabawy Choinkowej. Mateuszowi Kowalczykowi za przywiezienie napoj\u00f3w sponsorowanych przez w\u00f3jta gminy B\u0142\u0119d\u00f3w. Panu Markowi [&hellip;]<\/p>\n","protected":false},"author":1,"featured_media":0,"parent":0,"menu_order":0,"comment_status":"closed","ping_status":"closed","template":"","meta":[],"_links":{"self":[{"href":"https:\/\/golosze.szkola.pl\/index.php\/wp-json\/wp\/v2\/pages\/35"}],"collection":[{"href":"https:\/\/golosze.szkola.pl\/index.php\/wp-json\/wp\/v2\/pages"}],"about":[{"href":"https:\/\/golosze.szkola.pl\/index.php\/wp-json\/wp\/v2\/types\/page"}],"author":[{"embeddable":true,"href":"https:\/\/golosze.szkola.pl\/index.php\/wp-json\/wp\/v2\/users\/1"}],"replies":[{"embeddable":true,"href":"https:\/\/golosze.szkola.pl\/index.php\/wp-json\/wp\/v2\/comments?post=35"}],"version-history":[{"count":13,"href":"https:\/\/golosze.szkola.pl\/index.php\/wp-json\/wp\/v2\/pages\/35\/revisions"}],"predecessor-version":[{"id":1069,"href":"https:\/\/golosze.szkola.pl\/index.php\/wp-json\/wp\/v2\/pages\/35\/revisions\/1069"}],"wp:attachment":[{"href":"https:\/\/golosze.szkola.pl\/index.php\/wp-json\/wp\/v2\/media?parent=35"}],"curies":[{"name":"wp","href":"https:\/\/api.w.org\/{rel}","templated":true}]}}